{"id":1542,"date":"2021-06-20T15:48:58","date_gmt":"2021-06-20T13:48:58","guid":{"rendered":"https:\/\/www.sprachschule-aktiv-leipzig.de\/home\/"},"modified":"2022-03-16T06:01:27","modified_gmt":"2022-03-16T05:01:27","slug":"home","status":"publish","type":"page","link":"https:\/\/www.sprachschule-aktiv-leipzig.de\/pl\/","title":{"rendered":"Sprachschule Aktiv Leipzig"},"content":{"rendered":"<p>[vc_row full_width=&#8221;stretch_row_content_no_spaces&#8221; content_placement=&#8221;middle&#8221; css=&#8221;.vc_custom_1624214439868{margin-bottom: 20px !important;background-color: #eeeced !important;}&#8221;][vc_column width=&#8221;1\/2&#8243;][vc_single_image image=&#8221;1563&#8243; img_size=&#8221;full&#8221;][\/vc_column][vc_column width=&#8221;1\/2&#8243;][vc_column_text css=&#8221;.vc_custom_1646557412845{margin-top: 20px !important;}&#8221;]<\/p>\n<h3 style=\"text-align: center; font-size: 55px;\">Witamy<\/h3>\n<h4 style=\"text-align: center; font-size: 34px;\">w Sprachschule Aktiv<\/h4>\n<p>[\/vc_column_text]\t<div class=\"vc_btn3-container vc_btn3-center\">\r\n\t\t<a href=\"\/pl\/kontakt\/\" class=\"pgs_btn pgs_btn_style_1 pgs_btn_lg\">\r\n\t\t\t<span>\r\n\t\t\t\tMo\u017cemy Ci pom\u00f3c?\t\t\t<\/span>\r\n\t\t\t\t\t\t<i class=\"fas fa-angle-double-right\"><\/i>\r\n\t\t\t\t\t<\/a>\r\n\t<\/div>\r\n\t\t<div class=\"vc_btn3-container vc_btn3-center\">\r\n\t\t<a href=\"https:\/\/www.sprachschule-aktiv-leipzig.de\/pl\/rejestracja-na-kursy-jezykowe\/\" class=\"pgs_btn pgs_btn_style_1 pgs_btn_lg\">\r\n\t\t\t<span>\r\n\t\t\t\tZapisz si\u0119 na nasze kursy\t\t\t<\/span>\r\n\t\t\t\t\t\t<i class=\"fas fa-angle-double-right\"><\/i>\r\n\t\t\t\t\t<\/a>\r\n\t<\/div>\r\n\t[\/vc_column][\/vc_row][vc_row][vc_column][vc_column_text]<\/p>\n<h1>Kursy j\u0119zyka niemieckiego w Lipsku \u2013 A1 do C2 \u2013 Szko\u0142a j\u0119zykowa Aktiv<\/h1>\n<p>[\/vc_column_text][vc_row_inner content_placement=&#8221;middle&#8221;][vc_column_inner][vc_column_text]Nauka j\u0119zyka niemieckiego w Lipsku w formie intensywnych, wieczorowych, indywidualnych i internetowych kurs\u00f3w ko\u0144cz\u0105cych si\u0119 certyfikatem j\u0119zykowym. Kursy j\u0119zyka niemieckiego w Lipsku z bezp\u0142atn\u0105 lekcj\u0105 pr\u00f3bn\u0105 kursu indywidualnego i <a href=\"https:\/\/www.sprachschule-aktiv-leipzig.de\/einstufungstest-deutsch-und-fremdsprachen\/\" target=\"_blank\" rel=\"noopener\">bezp\u0142atnym testem kwalifikuj\u0105cym<\/a>. Kursy j\u0119zyka niemieckiego dla pocz\u0105tkuj\u0105cych i zaawansowanych.<\/p>\n<p>Poszukuj\u0105 Pa\u0144stwo niezawodnego i profesjonalnego partnera podczas nauki j\u0119zyka niemieckiego? Skorzystaj\u0105 Pa\u0144stwo z nauki j\u0119zyka niemieckiego w Lipsku i du\u017cej oferty model\u00f3w kurs\u00f3w na poziomach od A1 do C2.<\/p>\n<h2>Nauka j\u0119zyka niemieckiego w Lipsku z pomoc\u0105 wykwalifikowanych nauczycieli akademickich i native speaker\u00f3w<\/h2>\n<p>Na naszych kursach j\u0119zyka niemieckiego ucz\u0105 native speakerzy oraz do\u015bwiadczeni nauczyciele akademiccy, korzystaj\u0105cy z nowoczesnych materia\u0142\u00f3w lekcyjnych na wszystkich poziomach. Ca\u0142a nasza kadra ucz\u0105ca posiada uko\u0144czone studia uniwersyteckie i dysponuje bardzo du\u017cym do\u015bwiadczeniem w nauczaniu j\u0119zyka niemieckiego. S\u0105 kompetentni tak\u017ce w zakresie geografii i ciekawych wskaz\u00f3wek dotycz\u0105cych \u017cycia codziennego w Niemczech.[\/vc_column_text]\t<div class=\"vc_btn3-container vc_btn3-inline\">\r\n\t\t<a href=\"\/pl\/kontakt\/\" class=\"pgs_btn pgs_btn_style_1 pgs_btn_lg\">\r\n\t\t\t<span>\r\n\t\t\t\tMo\u017cemy Ci pom\u00f3c?\t\t\t<\/span>\r\n\t\t\t\t\t\t<i class=\"fas fa-angle-double-right\"><\/i>\r\n\t\t\t\t\t<\/a>\r\n\t<\/div>\r\n\t[\/vc_column_inner][\/vc_row_inner][\/vc_column][\/vc_row][vc_row full_width=&#8221;stretch_row&#8221; css=&#8221;.vc_custom_1646474154796{padding-top: 25px !important;padding-bottom: 35px !important;background-color: #f8f8f8 !important;}&#8221;][vc_column][vc_column_text]<\/p>\n<h2>Kursy j\u0119zyka niemieckiego w Lipsku dla pocz\u0105tkuj\u0105cych i zaawansowanych poziomy od A1 do C2<\/h2>\n<p>[\/vc_column_text][vc_row_inner][vc_column_inner width=&#8221;1\/2&#8243;][vc_column_text]Zgodnie z obietnic\u0105 u nas w Lipsku mog\u0105 Pa\u0144stwo zapisa\u0107 si\u0119 lekcje j\u0119zyka niemieckiego na dowolnym poziomie. Uczestnicy bez wst\u0119pnego j\u0119zykowego przygotowania w zakresie j\u0119zyka niemieckiego rozpoczynaj\u0105 od pocz\u0105tkuj\u0105cego poziomu A1. Je\u017celi uko\u0144czyli Pa\u0144stwo poziomy A2, B1 i B2, w zasadzie nauczyli si\u0119 Pa\u0144stwo wszystkich struktur gramatycznych. Na poziomach C1 i C2 mog\u0105 Pa\u0144stwo doskonali\u0107 swoje kompetencje j\u0119zykowe oraz pog\u0142\u0119bia\u0107 umiej\u0119tno\u015bci wyra\u017cania si\u0119 w mowie i w na pi\u015bmie. Poziomy C1 i wy\u017csze przewa\u017cnie stanowi\u0105 warunek dla podj\u0119cia studi\u00f3w na niemieckiej uczelni i lub uniwersytecie.[\/vc_column_text]\t<div class=\"vc_btn3-container vc_btn3-inline\">\r\n\t\t<a href=\"\/pl\/kontakt\/\" class=\"pgs_btn pgs_btn_style_1 pgs_btn_lg\">\r\n\t\t\t<span>\r\n\t\t\t\tMo\u017cemy Ci pom\u00f3c?\t\t\t<\/span>\r\n\t\t\t\t\t\t<i class=\"fas fa-angle-double-right\"><\/i>\r\n\t\t\t\t\t<\/a>\r\n\t<\/div>\r\n\t[\/vc_column_inner][vc_column_inner width=&#8221;1\/2&#8243;][vc_column_text]<iframe src=\"https:\/\/www.youtube.com\/embed\/54-5aCU96MM\" width=\"100%\" height=\"320\" frameborder=\"0\" allowfullscreen=\"allowfullscreen\"><\/iframe><\/p>\n<p>[\/vc_column_text][\/vc_column_inner][\/vc_row_inner][\/vc_column][\/vc_row][vc_row full_width=&#8221;stretch_row&#8221; css=&#8221;.vc_custom_1643319170479{padding-top: 25px !important;padding-bottom: 35px !important;background-color: #f8f8f8 !important;}&#8221;][vc_column][vc_column_text]<\/p>\n<h2>Intensywne kursy j\u0119zyka niemieckiego w Lipsku \u2013 dla poziom\u00f3w A1, A2, B1, B2, C1, C2<\/h2>\n<p>Kurs intensywny \u2013 do 20 godzin lekcyjnych tygodniowo (przy 2-4 uczestnikach 2\u00d760 minut dziennie, od 5 uczestnik\u00f3w: 3\u00d760 Min. dziennie)<\/p>\n<p>Czas trwania kursu: Codziennie (Poniedzia\u0142ek do pi\u0105tki) od 9:00 do 12:00 godziny (poni\u017cej 5 uczestnik\u00f3w do11:00 godziny) Mog\u0105 Pa\u0144stwo zarejestrowa\u0107 si\u0119 na jeden tydzie\u0144 lub na wiele miesi\u0119cy.<\/p>\n<p>Nasze ceny za tydzie\u0144:<\/p>\n<ul>\n<li>1 tydzie\u0144: \u20ac 199,-<\/li>\n<li>2 tygodnie: \u20ac 299,-<\/li>\n<li>3 tygodnie: \u20ac 349,-<\/li>\n<li>4 tygodnie: \u20ac 499,-<\/li>\n<\/ul>\n<p>[\/vc_column_text]\t<div class=\"vc_btn3-container vc_btn3-left\">\r\n\t\t<a href=\"https:\/\/www.sprachschule-aktiv-leipzig.de\/pl\/rejestracja-na-kursy-jezykowe\/\" class=\"pgs_btn pgs_btn_style_1 pgs_btn_lg\">\r\n\t\t\t<span>\r\n\t\t\t\tZapisz si\u0119 na nasze kursy\t\t\t<\/span>\r\n\t\t\t\t\t\t<i class=\"fas fa-angle-double-right\"><\/i>\r\n\t\t\t\t\t<\/a>\r\n\t<\/div>\r\n\t[\/vc_column][\/vc_row][vc_row css=&#8221;.vc_custom_1643319185215{padding-top: 25px !important;padding-bottom: 35px !important;}&#8221;][vc_column][vc_column_text]<\/p>\n<h2>Jaki model kursu preferuj\u0105 Pa\u0144stwo? Kurs wieczorowy, intensywny, indywidualny, internetowy czy firmowy<\/h2>\n<p>W naszej ofercie mamy r\u00f3\u017cne typy kurs\u00f3w. Kurs intensywny oferuje Pa\u0144stwu 20 godzin lekcyjnych tygodniowo i trwa przez cztery tygodnie. Istnieje tak\u017ce w wersji &#8220;light&#8221; tylko od poniedzia\u0142ku do czwartku. [\/vc_column_text][vc_row_inner][vc_column_inner width=&#8221;1\/2&#8243;][vc_column_text]<img decoding=\"async\" class=\"alignnone wp-image-42 size-full\" src=\"https:\/\/www.sprachschule-aktiv-leipzig.de\/wp-content\/uploads\/2021\/06\/unsere-sprachschulen-in-deutschland-leipzig.jpg\" alt=\"Kursy j\u0119zyka niemieckiego w Lipsku \u2013 A1 do C2\" width=\"960\" height=\"523\" srcset=\"https:\/\/www.sprachschule-aktiv-leipzig.de\/wp-content\/uploads\/2021\/06\/unsere-sprachschulen-in-deutschland-leipzig.jpg 960w, https:\/\/www.sprachschule-aktiv-leipzig.de\/wp-content\/uploads\/2021\/06\/unsere-sprachschulen-in-deutschland-leipzig-300x163.jpg 300w, https:\/\/www.sprachschule-aktiv-leipzig.de\/wp-content\/uploads\/2021\/06\/unsere-sprachschulen-in-deutschland-leipzig-768x418.jpg 768w\" sizes=\"(max-width: 960px) 100vw, 960px\" \/>[\/vc_column_text][\/vc_column_inner][vc_column_inner width=&#8221;1\/2&#8243;][vc_column_text]Kurs wieczorowy zapewnia mo\u017cliwo\u015b\u0107 nauki j\u0119zyka niemieckiego po pracy &#8211; zawsze 135 dwa razy w tygodniu w poniedzia\u0142ki i \u015brody od 18:00 do 20:15 godziny. Kurs indywidualny jest dostosowany do Pa\u0144stwa \u017cycze\u0144 i mog\u0105 Pa\u0144stwo sami ustali\u0107 dni tygodnia i godziny tych dni. Kursy firmowe odbywaj\u0105 si\u0119 jako szkolenia wewn\u0105trz firmy dla do dwunastu lub dla pojedynczych uczestnik\u00f3w. Tak\u017ce w przypadku firmowych kurs\u00f3w j\u0119zyka niemieckiego mog\u0119 okre\u015bli\u0107 Pa\u0144stwo dzie\u0144 i godzin\u0119 szkolenia.[\/vc_column_text][\/vc_column_inner][\/vc_row_inner][vc_column_text]<\/p>\n<h2>Przygotowanie do egzamin\u00f3w w szkole j\u0119zykowej Aktiv w Lipsku<\/h2>\n<p>Oczywi\u015bcie mog\u0105 Pa\u0144stwo u nas odby\u0107 r\u00f3\u017cne kursy przygotowuj\u0105ce do egzamin\u00f3w. Oboj\u0119tnie na kt\u00f3rym poziomie, ch\u0119tnie pomo\u017cemy Pa\u0144stwu podczas test\u00f3w telc, ale bardzo skutecznie odbywaj\u0105 si\u0119 u nas szkolenia przygotowuj\u0105ce do egzamin\u00f3w TestDaF i DSH.<\/p>\n<h2>Kursy j\u0119zyka niemieckiego w ma\u0142ych grupach<\/h2>\n<p>Wszystkie nasze typy kurs\u00f3w pod wzgl\u0119dem liczny uczestnik\u00f3w ograniczaj\u0105 si\u0119 maksymalnie do 10 os\u00f3b, tak \u017ce ka\u017cdy mo\u017ce bra\u0107 intensywny udzia\u0142 w lekcjach. Fakt ten dodatkowo podnosi jako\u015b\u0107 kursu ze wzgl\u0119du na zmaksymalizowan\u0105 interaktywno\u015b\u0107.<br \/>\n[\/vc_column_text][\/vc_column][\/vc_row][vc_row full_width=&#8221;stretch_row&#8221; css=&#8221;.vc_custom_1643319193001{padding-top: 25px !important;padding-bottom: 35px !important;background-color: #f8f8f8 !important;}&#8221;][vc_column][vc_column_text]<\/p>\n<h2>Jakie korzy\u015bci i opcje oferuje Pa\u0144stwu zam\u00f3wienie u nas w Lipsku kursu j\u0119zyka niemieckiego?<\/h2>\n<p>Pomagamy tak\u017ce w przypadku problem\u00f3w dotycz\u0105cych Pa\u0144stwa kursu j\u0119zyka niemieckiego. Potrzebuj\u0105 Pa\u0144stwo pomocy przy ubieganiu si\u0119 o wiz\u0119? Szukaj\u0105 Pa\u0144stwo zakwaterowania i maj\u0105 Pa\u0144stwo problemy ze znalezieniem w\u0142a\u015bciwego? \u017baden problem &#8211; prosz\u0119 zwr\u00f3ci\u0107 si\u0119 do naszego dzia\u0142u serwisowego i zapewnimy Pa\u0144stwu solidne wsparcie.<\/p>\n<h2>Kursy j\u0119zyka niemieckiego dla cudzoziemc\u00f3w w Lipsku &#8211; Jaki poziom kursu chc\u0105 Pa\u0144stwo zam\u00f3wi\u0107?<\/h2>\n<p>[\/vc_column_text][vc_row_inner][vc_column_inner width=&#8221;1\/2&#8243;][vc_column_text]<iframe title=\"YouTube video player\" src=\"https:\/\/www.youtube.com\/embed\/8FEh6N5gn7k\" width=\"100%\" height=\"315\" frameborder=\"0\" allowfullscreen=\"allowfullscreen\"><\/iframe>[\/vc_column_text][\/vc_column_inner][vc_column_inner width=&#8221;1\/2&#8243;][vc_column_text]Cz\u0119sto nie jest \u0142atwo okre\u015bli\u0107 w\u0142asny poziom znajomo\u015bci j\u0119zyka obcego. Dlatego oferujemy Pa\u0144stwu dwie mo\u017cliwo\u015bci okre\u015blenia w\u0142a\u015bciwego poziomu nauki. Mog\u0105 Pa\u0144stwo zg\u0142osi\u0107 si\u0119 do nas do szko\u0142y j\u0119zykowej i wype\u0142ni\u0107 test klasyfikacyjny na swoim laptopie lub skorzysta\u0107 z z <a href=\"https:\/\/www.sprachschule-aktiv-leipzig.de\/einstufungstest-deutsch-und-fremdsprachen\/\" target=\"_blank\" rel=\"noopener\">bezp\u0142atnego testu klasyfikuj\u0105cego<\/a> na poni\u017cszej stronie internetowej. Je\u017celi uzyskali Pa\u0144stwo wynik przynajmniej 60%, prosz\u0119 sprawdzi\u0107 swoje kompetencje na kolejnym poziomie. Dopiero w przypadku wyniku poni\u017cej 60% wiedz\u0105 Pa\u0144stwo, \u017ce jest to poziom kursu, na kt\u00f3ry powinni si\u0119 Pa\u0144stwo zapisa\u0107.[\/vc_column_text][\/vc_column_inner][\/vc_row_inner][\/vc_column][\/vc_row]<\/p>\n","protected":false},"excerpt":{"rendered":"<p>[vc_row full_width=&#8221;stretch_row_content_no_spaces&#8221; content_placement=&#8221;middle&#8221; css=&#8221;.vc_custom_1624214439868{margin-bottom: 20px !important;background-color: #eeeced !important;}&#8221;][vc_column width=&#8221;1\/2&#8243;][vc_single_image image=&#8221;1563&#8243; img_size=&#8221;full&#8221;][\/vc_column][vc_column width=&#8221;1\/2&#8243;][vc_column_text css=&#8221;.vc_custom_1646557412845{margin-top: 20px !important;}&#8221;] Witamy w Sprachschule Aktiv [\/vc_column_text][\/vc_column][\/vc_row][vc_row][vc_column][vc_column_text] Kursy j\u0119zyka niemieckiego w Lipsku \u2013 A1 do C2 \u2013 Szko\u0142a j\u0119zykowa Aktiv [\/vc_column_text][vc_row_inner content_placement=&#8221;middle&#8221;][vc_column_inner][vc_column_text]Nauka j\u0119zyka niemieckiego w Lipsku w formie intensywnych, wieczorowych, indywidualnych i internetowych kurs\u00f3w ko\u0144cz\u0105cych si\u0119 certyfikatem j\u0119zykowym. Kursy j\u0119zyka niemieckiego w&hellip; <a class=\"read-more\" href=\"https:\/\/www.sprachschule-aktiv-leipzig.de\/pl\/\" title=\"Read Sprachschule Aktiv Leipzig\">Read more &raquo;<\/a><\/p>\n","protected":false},"author":1,"featured_media":0,"parent":0,"menu_order":0,"comment_status":"closed","ping_status":"closed","template":"","meta":{"footnotes":""},"class_list":["post-1542","page","type-page","status-publish","hentry"],"yoast_head":"<!-- This site is optimized with the Yoast SEO plugin v27.1.1 - https:\/\/yoast.com\/product\/yoast-seo-wordpress\/ -->\n<title>Kursy niemieckiego w Lipsku \u2013 szko\u0142a j\u0119zykowa dla niemieckiego<\/title>\n<meta name=\"description\" content=\"Kursy j\u0119zyka niemieckiego w Lipsku z bezp\u0142atn\u0105 lekcj\u0105 pr\u00f3bn\u0105 kursu indywidualnego i bezp\u0142atnym testem kwalifikuj\u0105cym.\" \/>\n<meta name=\"robots\" content=\"index, follow, max-snippet:-1, max-image-preview:large, max-video-preview:-1\" \/>\n<link rel=\"canonical\" href=\"https:\/\/www.sprachschule-aktiv-leipzig.de\/pl\/\" \/>\n<meta property=\"og:locale\" content=\"pl_PL\" \/>\n<meta property=\"og:type\" content=\"article\" \/>\n<meta property=\"og:title\" content=\"Kursy niemieckiego w Lipsku \u2013 szko\u0142a j\u0119zykowa dla niemieckiego\" \/>\n<meta property=\"og:description\" content=\"Kursy j\u0119zyka niemieckiego w Lipsku z bezp\u0142atn\u0105 lekcj\u0105 pr\u00f3bn\u0105 kursu indywidualnego i bezp\u0142atnym testem kwalifikuj\u0105cym.\" \/>\n<meta property=\"og:url\" content=\"https:\/\/www.sprachschule-aktiv-leipzig.de\/pl\/\" \/>\n<meta property=\"article:modified_time\" content=\"2022-03-16T05:01:27+00:00\" \/>\n<meta property=\"og:image\" content=\"https:\/\/www.sprachschule-aktiv-leipzig.de\/wp-content\/uploads\/2021\/06\/unsere-sprachschulen-in-deutschland-leipzig.jpg\" \/>\n<meta name=\"twitter:card\" content=\"summary_large_image\" \/>\n<meta name=\"twitter:label1\" content=\"Szacowany czas czytania\" \/>\n\t<meta name=\"twitter:data1\" content=\"5 minut\" \/>\n<script type=\"application\/ld+json\" class=\"yoast-schema-graph\">{\"@context\":\"https:\/\/schema.org\",\"@graph\":[{\"@type\":\"WebPage\",\"@id\":\"https:\/\/www.sprachschule-aktiv-leipzig.de\/pl\/\",\"url\":\"https:\/\/www.sprachschule-aktiv-leipzig.de\/pl\/\",\"name\":\"Kursy niemieckiego w Lipsku \u2013 szko\u0142a j\u0119zykowa dla niemieckiego\",\"isPartOf\":{\"@id\":\"https:\/\/www.sprachschule-aktiv-leipzig.de\/#website\"},\"primaryImageOfPage\":{\"@id\":\"https:\/\/www.sprachschule-aktiv-leipzig.de\/pl\/#primaryimage\"},\"image\":{\"@id\":\"https:\/\/www.sprachschule-aktiv-leipzig.de\/pl\/#primaryimage\"},\"thumbnailUrl\":\"https:\/\/www.sprachschule-aktiv-leipzig.de\/wp-content\/uploads\/2021\/06\/unsere-sprachschulen-in-deutschland-leipzig.jpg\",\"datePublished\":\"2021-06-20T13:48:58+00:00\",\"dateModified\":\"2022-03-16T05:01:27+00:00\",\"description\":\"Kursy j\u0119zyka niemieckiego w Lipsku z bezp\u0142atn\u0105 lekcj\u0105 pr\u00f3bn\u0105 kursu indywidualnego i bezp\u0142atnym testem kwalifikuj\u0105cym.\",\"breadcrumb\":{\"@id\":\"https:\/\/www.sprachschule-aktiv-leipzig.de\/pl\/#breadcrumb\"},\"inLanguage\":\"pl-PL\",\"potentialAction\":[{\"@type\":\"ReadAction\",\"target\":[\"https:\/\/www.sprachschule-aktiv-leipzig.de\/pl\/\"]}]},{\"@type\":\"ImageObject\",\"inLanguage\":\"pl-PL\",\"@id\":\"https:\/\/www.sprachschule-aktiv-leipzig.de\/pl\/#primaryimage\",\"url\":\"https:\/\/www.sprachschule-aktiv-leipzig.de\/wp-content\/uploads\/2021\/06\/unsere-sprachschulen-in-deutschland-leipzig.jpg\",\"contentUrl\":\"https:\/\/www.sprachschule-aktiv-leipzig.de\/wp-content\/uploads\/2021\/06\/unsere-sprachschulen-in-deutschland-leipzig.jpg\"},{\"@type\":\"BreadcrumbList\",\"@id\":\"https:\/\/www.sprachschule-aktiv-leipzig.de\/pl\/#breadcrumb\",\"itemListElement\":[{\"@type\":\"ListItem\",\"position\":1,\"name\":\"Startseite\",\"item\":\"https:\/\/www.sprachschule-aktiv-leipzig.de\/pl\/\"},{\"@type\":\"ListItem\",\"position\":2,\"name\":\"Sprachschule Aktiv Leipzig\"}]},{\"@type\":\"WebSite\",\"@id\":\"https:\/\/www.sprachschule-aktiv-leipzig.de\/#website\",\"url\":\"https:\/\/www.sprachschule-aktiv-leipzig.de\/\",\"name\":\"\",\"description\":\"\",\"potentialAction\":[{\"@type\":\"SearchAction\",\"target\":{\"@type\":\"EntryPoint\",\"urlTemplate\":\"https:\/\/www.sprachschule-aktiv-leipzig.de\/?s={search_term_string}\"},\"query-input\":{\"@type\":\"PropertyValueSpecification\",\"valueRequired\":true,\"valueName\":\"search_term_string\"}}],\"inLanguage\":\"pl-PL\"}]}<\/script>\n<!-- \/ Yoast SEO plugin. -->","yoast_head_json":{"title":"Kursy niemieckiego w Lipsku \u2013 szko\u0142a j\u0119zykowa dla niemieckiego","description":"Kursy j\u0119zyka niemieckiego w Lipsku z bezp\u0142atn\u0105 lekcj\u0105 pr\u00f3bn\u0105 kursu indywidualnego i bezp\u0142atnym testem kwalifikuj\u0105cym.","robots":{"index":"index","follow":"follow","max-snippet":"max-snippet:-1","max-image-preview":"max-image-preview:large","max-video-preview":"max-video-preview:-1"},"canonical":"https:\/\/www.sprachschule-aktiv-leipzig.de\/pl\/","og_locale":"pl_PL","og_type":"article","og_title":"Kursy niemieckiego w Lipsku \u2013 szko\u0142a j\u0119zykowa dla niemieckiego","og_description":"Kursy j\u0119zyka niemieckiego w Lipsku z bezp\u0142atn\u0105 lekcj\u0105 pr\u00f3bn\u0105 kursu indywidualnego i bezp\u0142atnym testem kwalifikuj\u0105cym.","og_url":"https:\/\/www.sprachschule-aktiv-leipzig.de\/pl\/","article_modified_time":"2022-03-16T05:01:27+00:00","og_image":[{"url":"https:\/\/www.sprachschule-aktiv-leipzig.de\/wp-content\/uploads\/2021\/06\/unsere-sprachschulen-in-deutschland-leipzig.jpg","type":"","width":"","height":""}],"twitter_card":"summary_large_image","twitter_misc":{"Szacowany czas czytania":"5 minut"},"schema":{"@context":"https:\/\/schema.org","@graph":[{"@type":"WebPage","@id":"https:\/\/www.sprachschule-aktiv-leipzig.de\/pl\/","url":"https:\/\/www.sprachschule-aktiv-leipzig.de\/pl\/","name":"Kursy niemieckiego w Lipsku \u2013 szko\u0142a j\u0119zykowa dla niemieckiego","isPartOf":{"@id":"https:\/\/www.sprachschule-aktiv-leipzig.de\/#website"},"primaryImageOfPage":{"@id":"https:\/\/www.sprachschule-aktiv-leipzig.de\/pl\/#primaryimage"},"image":{"@id":"https:\/\/www.sprachschule-aktiv-leipzig.de\/pl\/#primaryimage"},"thumbnailUrl":"https:\/\/www.sprachschule-aktiv-leipzig.de\/wp-content\/uploads\/2021\/06\/unsere-sprachschulen-in-deutschland-leipzig.jpg","datePublished":"2021-06-20T13:48:58+00:00","dateModified":"2022-03-16T05:01:27+00:00","description":"Kursy j\u0119zyka niemieckiego w Lipsku z bezp\u0142atn\u0105 lekcj\u0105 pr\u00f3bn\u0105 kursu indywidualnego i bezp\u0142atnym testem kwalifikuj\u0105cym.","breadcrumb":{"@id":"https:\/\/www.sprachschule-aktiv-leipzig.de\/pl\/#breadcrumb"},"inLanguage":"pl-PL","potentialAction":[{"@type":"ReadAction","target":["https:\/\/www.sprachschule-aktiv-leipzig.de\/pl\/"]}]},{"@type":"ImageObject","inLanguage":"pl-PL","@id":"https:\/\/www.sprachschule-aktiv-leipzig.de\/pl\/#primaryimage","url":"https:\/\/www.sprachschule-aktiv-leipzig.de\/wp-content\/uploads\/2021\/06\/unsere-sprachschulen-in-deutschland-leipzig.jpg","contentUrl":"https:\/\/www.sprachschule-aktiv-leipzig.de\/wp-content\/uploads\/2021\/06\/unsere-sprachschulen-in-deutschland-leipzig.jpg"},{"@type":"BreadcrumbList","@id":"https:\/\/www.sprachschule-aktiv-leipzig.de\/pl\/#breadcrumb","itemListElement":[{"@type":"ListItem","position":1,"name":"Startseite","item":"https:\/\/www.sprachschule-aktiv-leipzig.de\/pl\/"},{"@type":"ListItem","position":2,"name":"Sprachschule Aktiv Leipzig"}]},{"@type":"WebSite","@id":"https:\/\/www.sprachschule-aktiv-leipzig.de\/#website","url":"https:\/\/www.sprachschule-aktiv-leipzig.de\/","name":"","description":"","potentialAction":[{"@type":"SearchAction","target":{"@type":"EntryPoint","urlTemplate":"https:\/\/www.sprachschule-aktiv-leipzig.de\/?s={search_term_string}"},"query-input":{"@type":"PropertyValueSpecification","valueRequired":true,"valueName":"search_term_string"}}],"inLanguage":"pl-PL"}]}},"_links":{"self":[{"href":"https:\/\/www.sprachschule-aktiv-leipzig.de\/pl\/wp-json\/wp\/v2\/pages\/1542","targetHints":{"allow":["GET"]}}],"collection":[{"href":"https:\/\/www.sprachschule-aktiv-leipzig.de\/pl\/wp-json\/wp\/v2\/pages"}],"about":[{"href":"https:\/\/www.sprachschule-aktiv-leipzig.de\/pl\/wp-json\/wp\/v2\/types\/page"}],"author":[{"embeddable":true,"href":"https:\/\/www.sprachschule-aktiv-leipzig.de\/pl\/wp-json\/wp\/v2\/users\/1"}],"replies":[{"embeddable":true,"href":"https:\/\/www.sprachschule-aktiv-leipzig.de\/pl\/wp-json\/wp\/v2\/comments?post=1542"}],"version-history":[{"count":4,"href":"https:\/\/www.sprachschule-aktiv-leipzig.de\/pl\/wp-json\/wp\/v2\/pages\/1542\/revisions"}],"predecessor-version":[{"id":1569,"href":"https:\/\/www.sprachschule-aktiv-leipzig.de\/pl\/wp-json\/wp\/v2\/pages\/1542\/revisions\/1569"}],"wp:attachment":[{"href":"https:\/\/www.sprachschule-aktiv-leipzig.de\/pl\/wp-json\/wp\/v2\/media?parent=1542"}],"curies":[{"name":"wp","href":"https:\/\/api.w.org\/{rel}","templated":true}]}}