{"id":1191,"date":"2021-06-20T21:05:21","date_gmt":"2021-06-20T19:05:21","guid":{"rendered":"https:\/\/www.sprachschule-aktiv-leipzig.de\/anmeldung-fuer-sprachkurse\/"},"modified":"2022-06-13T05:59:46","modified_gmt":"2022-06-13T03:59:46","slug":"inscription-aux-cours-de-langue","status":"publish","type":"page","link":"https:\/\/www.sprachschule-aktiv-leipzig.de\/fr\/inscription-aux-cours-de-langue\/","title":{"rendered":"Inscription aux cours de langue"},"content":{"rendered":"<p>[vc_row css=&#8221;.vc_custom_1486284745672{margin-top: 25px !important;padding-bottom: 30px !important;}&#8221;][vc_column][vc_column_text]<\/p>\n<h2>Inscription dans notre \u00e9cole de langues \u00e0 Leipzig<\/h2>\n<p>Registration at Sprachschule Aktiv Leipzig \u2013 Inscription \u00e0 un cours de langue \u00e0 notre \u00e9cole \u00e0 Leipzig[\/vc_column_text][vc_row_inner][vc_column_inner]\n<div class=\"wpcf7 no-js\" id=\"wpcf7-f1194-o1\" lang=\"de-DE\" dir=\"ltr\" data-wpcf7-id=\"1194\">\n<div class=\"screen-reader-response\"><p role=\"status\" aria-live=\"polite\" aria-atomic=\"true\"><\/p> <ul><\/ul><\/div>\n<form action=\"\/fr\/wp-json\/wp\/v2\/pages\/1191#wpcf7-f1194-o1\" method=\"post\" class=\"wpcf7-form init wpcf7-acceptance-as-validation\" aria-label=\"Kontaktformular\" novalidate=\"novalidate\" data-status=\"init\">\n<fieldset class=\"hidden-fields-container\"><input type=\"hidden\" name=\"_wpcf7\" value=\"1194\" \/><input type=\"hidden\" name=\"_wpcf7_version\" value=\"6.1.5\" \/><input type=\"hidden\" name=\"_wpcf7_locale\" value=\"de_DE\" \/><input type=\"hidden\" name=\"_wpcf7_unit_tag\" value=\"wpcf7-f1194-o1\" \/><input type=\"hidden\" name=\"_wpcf7_container_post\" value=\"0\" \/><input type=\"hidden\" name=\"_wpcf7_posted_data_hash\" value=\"\" \/><input type=\"hidden\" name=\"_wpcf7cf_hidden_group_fields\" value=\"[]\" \/><input type=\"hidden\" name=\"_wpcf7cf_hidden_groups\" value=\"[]\" \/><input type=\"hidden\" name=\"_wpcf7cf_visible_groups\" value=\"[]\" \/><input type=\"hidden\" name=\"_wpcf7cf_repeaters\" value=\"[]\" \/><input type=\"hidden\" name=\"_wpcf7cf_steps\" value=\"{}\" \/><input type=\"hidden\" name=\"_wpcf7cf_options\" value=\"{&quot;form_id&quot;:1194,&quot;conditions&quot;:[],&quot;settings&quot;:{&quot;animation&quot;:&quot;yes&quot;,&quot;animation_intime&quot;:200,&quot;animation_outtime&quot;:200,&quot;conditions_ui&quot;:&quot;normal&quot;,&quot;notice_dismissed&quot;:false,&quot;notice_dismissed_rollback-cf7-5.9.6&quot;:true}}\" \/><input type=\"hidden\" name=\"_wpcf7_recaptcha_response\" value=\"\" \/>\n<\/fieldset>\n<p>Entreprise: <span class=\"wpcf7-form-control-wrap\" data-name=\"Firma\"><input size=\"40\" maxlength=\"400\" class=\"wpcf7-form-control wpcf7-text\" aria-invalid=\"false\" value=\"\" type=\"text\" name=\"Firma\" \/><\/span>\n<\/p>\n<p>Choisir*: <span class=\"wpcf7-form-control-wrap\" data-name=\"anrede\"><select class=\"wpcf7-form-control wpcf7-select wpcf7-validates-as-required\" aria-required=\"true\" aria-invalid=\"false\" name=\"anrede\"><option value=\"\">&#8211; Bitte ausw\u00e4hlen &#8211;<\/option><option value=\"Monsieur\">Monsieur<\/option><option value=\"Madame\">Madame<\/option><\/select><\/span>\n<\/p>\n<p>Pr\u00e9nom*: <span class=\"wpcf7-form-control-wrap\" data-name=\"Vorname\"><input size=\"40\" maxlength=\"400\" class=\"wpcf7-form-control wpcf7-text wpcf7-validates-as-required\" aria-required=\"true\" aria-invalid=\"false\" value=\"\" type=\"text\" name=\"Vorname\" \/><\/span>\n<\/p>\n<p>Nom de famille*: <span class=\"wpcf7-form-control-wrap\" data-name=\"Nachname\"><input size=\"40\" maxlength=\"400\" class=\"wpcf7-form-control wpcf7-text wpcf7-validates-as-required\" aria-required=\"true\" aria-invalid=\"false\" value=\"\" type=\"text\" name=\"Nachname\" \/><\/span>\n<\/p>\n<p>Rue\/Nr*: <span class=\"wpcf7-form-control-wrap\" data-name=\"Adresse\"><input size=\"40\" maxlength=\"400\" class=\"wpcf7-form-control wpcf7-text wpcf7-validates-as-required\" aria-required=\"true\" aria-invalid=\"false\" value=\"\" type=\"text\" name=\"Adresse\" \/><\/span>\n<\/p>\n<p>Code postal\/Ville*: <span class=\"wpcf7-form-control-wrap\" data-name=\"PLZ-Ort\"><input size=\"40\" maxlength=\"400\" class=\"wpcf7-form-control wpcf7-text wpcf7-validates-as-required\" aria-required=\"true\" aria-invalid=\"false\" value=\"\" type=\"text\" name=\"PLZ-Ort\" \/><\/span>\n<\/p>\n<p>Num\u00e9ro de t\u00e9l\u00e9phone*: <span class=\"wpcf7-form-control-wrap\" data-name=\"Telefon\"><input size=\"40\" maxlength=\"400\" class=\"wpcf7-form-control wpcf7-text wpcf7-validates-as-required\" aria-required=\"true\" aria-invalid=\"false\" value=\"\" type=\"text\" name=\"Telefon\" \/><\/span>\n<\/p>\n<p>E-Mail*: <span class=\"wpcf7-form-control-wrap\" data-name=\"Email\"><input size=\"40\" maxlength=\"400\" class=\"wpcf7-form-control wpcf7-email wpcf7-validates-as-required wpcf7-text wpcf7-validates-as-email\" aria-required=\"true\" aria-invalid=\"false\" value=\"\" type=\"email\" name=\"Email\" \/><\/span>\n<\/p>\n<h2>Informations sur le cours:\n<\/h2>\n<p>Langues*: <span class=\"wpcf7-form-control-wrap\" data-name=\"Sprache\"><input size=\"40\" maxlength=\"400\" class=\"wpcf7-form-control wpcf7-text wpcf7-validates-as-required\" aria-required=\"true\" aria-invalid=\"false\" placeholder=\"exemple: allemand, anglais\" value=\"\" type=\"text\" name=\"Sprache\" \/><\/span>\n<\/p>\n<p>Type de cours*: <span class=\"wpcf7-form-control-wrap\" data-name=\"Kursart\"><input size=\"40\" maxlength=\"400\" class=\"wpcf7-form-control wpcf7-text wpcf7-validates-as-required\" aria-required=\"true\" aria-invalid=\"false\" placeholder=\"par exemple cours intensif, cours du soir ou cours particuliers\" value=\"\" type=\"text\" name=\"Kursart\" \/><\/span>\n<\/p>\n<p>Niveau*: <span class=\"wpcf7-form-control-wrap\" data-name=\"Niveau\"><select class=\"wpcf7-form-control wpcf7-select wpcf7-validates-as-required\" aria-required=\"true\" aria-invalid=\"false\" name=\"Niveau\"><option value=\"A1 (D\u00e9butant)\">A1 (D\u00e9butant)<\/option><option value=\"A2 (\u00c9l\u00e9mentaire)\">A2 (\u00c9l\u00e9mentaire)<\/option><option value=\"B1 (Interm\u00e9diaire inf\u00e9rieur)\">B1 (Interm\u00e9diaire inf\u00e9rieur)<\/option><option value=\"B2 (Interm\u00e9diaire sup\u00e9rieur)\">B2 (Interm\u00e9diaire sup\u00e9rieur)<\/option><option value=\"C1 (Avanc\u00e9)\">C1 (Avanc\u00e9)<\/option><option value=\"C2 (Professionnel)\">C2 (Professionnel)<\/option><\/select><\/span>\n<\/p>\n<p>D\u00e9but du cours*: <span class=\"wpcf7-form-control-wrap\" data-name=\"Kursbeginn\"><input class=\"wpcf7-form-control wpcf7-date wpcf7-validates-as-required wpcf7-validates-as-date\" aria-required=\"true\" aria-invalid=\"false\" value=\"\" type=\"date\" name=\"Kursbeginn\" \/><\/span>\n<\/p>\n<p>Dur\u00e9e du cours (Uniquement pour les cours intensifs): <span class=\"wpcf7-form-control-wrap\" data-name=\"DauerDesKurses\"><input size=\"40\" maxlength=\"400\" class=\"wpcf7-form-control wpcf7-text\" aria-invalid=\"false\" placeholder=\"par exemple 4 semaines pour un cours intensif\" value=\"\" type=\"text\" name=\"DauerDesKurses\" \/><\/span>\n<\/p>\n<p>Nombre d'heures souhait\u00e9 (uniquement pour les cours priv\u00e9s): <span class=\"wpcf7-form-control-wrap\" data-name=\"GewunschteStundenzahl\"><input size=\"40\" maxlength=\"400\" class=\"wpcf7-form-control wpcf7-text\" aria-invalid=\"false\" value=\"\" type=\"text\" name=\"GewunschteStundenzahl\" \/><\/span>\n<\/p>\n<h2>Paiement:\n<\/h2>\n<p>Paiement: <span class=\"wpcf7-form-control-wrap\" data-name=\"Zahlungsweise\"><select class=\"wpcf7-form-control wpcf7-select wpcf7-validates-as-required\" aria-required=\"true\" aria-invalid=\"false\" name=\"Zahlungsweise\"><option value=\"Paiement en esp\u00e8ces\">Paiement en esp\u00e8ces<\/option><option value=\"Paypal: buchhaltung1@sprachschule-aktiv.de\">Paypal: buchhaltung1@sprachschule-aktiv.de<\/option><\/select><\/span>\n<\/p>\n<h2>Remarques:\n<\/h2>\n<p>Remarques: <span class=\"wpcf7-form-control-wrap\" data-name=\"Bemerkungen\"><textarea cols=\"40\" rows=\"10\" maxlength=\"2000\" class=\"wpcf7-form-control wpcf7-textarea\" aria-invalid=\"false\" name=\"Bemerkungen\"><\/textarea><\/span>\n<\/p>\n<div style=\"\">\n\t<p><span class=\"wpcf7-form-control-wrap\" data-name=\"agb\"><span class=\"wpcf7-form-control wpcf7-acceptance\"><span class=\"wpcf7-list-item\"><input type=\"checkbox\" name=\"agb\" value=\"1\" aria-invalid=\"false\" \/><\/span><\/span><\/span> (*) (*) Il a accept\u00e9 les <a href=\"\/agb\/\" target=\"_blank\">l\u00e9gendes les plus r\u00e9centes<\/a> et la <a href=\"\/datenschutzerklaerung\/\" target=\"_blank\">politique de confidentialit\u00e9<\/a>.\n\t<\/p>\n<\/div>\n<p><input class=\"wpcf7-form-control wpcf7-submit has-spinner\" type=\"submit\" value=\"Achetez maintenan\" \/>\n<\/p><div class=\"wpcf7-response-output\" aria-hidden=\"true\"><\/div>\n<\/form>\n<\/div>\n[\/vc_column_inner][\/vc_row_inner][\/vc_column][\/vc_row]<\/p>\n","protected":false},"excerpt":{"rendered":"<p>[vc_row css=&#8221;.vc_custom_1486284745672{margin-top: 25px !important;padding-bottom: 30px !important;}&#8221;][vc_column][vc_column_text] Inscription dans notre \u00e9cole de langues \u00e0 Leipzig Registration at Sprachschule Aktiv Leipzig \u2013 Inscription \u00e0 un cours de langue \u00e0 notre \u00e9cole \u00e0 Leipzig[\/vc_column_text][vc_row_inner][vc_column_inner][\/vc_column_inner][\/vc_row_inner][\/vc_column][\/vc_row]<\/p>\n","protected":false},"author":1,"featured_media":0,"parent":0,"menu_order":0,"comment_status":"closed","ping_status":"closed","template":"","meta":{"footnotes":""},"class_list":["post-1191","page","type-page","status-publish","hentry"],"yoast_head":"<!-- This site is optimized with the Yoast SEO plugin v27.1.1 - https:\/\/yoast.com\/product\/yoast-seo-wordpress\/ -->\n<title>Inscription aux cours de langue<\/title>\n<meta name=\"description\" content=\"Ici, vous pouvez vous inscrire \u00e0 un cours d&#039;allemand \u00e0 Leipzig. R\u00e9servez votre cours de langue ici\" \/>\n<meta name=\"robots\" content=\"index, follow, max-snippet:-1, max-image-preview:large, max-video-preview:-1\" \/>\n<link rel=\"canonical\" href=\"https:\/\/www.sprachschule-aktiv-leipzig.de\/fr\/inscription-aux-cours-de-langue\/\" \/>\n<meta property=\"og:locale\" content=\"fr_FR\" \/>\n<meta property=\"og:type\" content=\"article\" \/>\n<meta property=\"og:title\" content=\"Inscription aux cours de langue\" \/>\n<meta property=\"og:description\" content=\"Ici, vous pouvez vous inscrire \u00e0 un cours d&#039;allemand \u00e0 Leipzig. R\u00e9servez votre cours de langue ici\" \/>\n<meta property=\"og:url\" content=\"https:\/\/www.sprachschule-aktiv-leipzig.de\/fr\/inscription-aux-cours-de-langue\/\" \/>\n<meta property=\"article:modified_time\" content=\"2022-06-13T03:59:46+00:00\" \/>\n<meta name=\"twitter:card\" content=\"summary_large_image\" \/>\n<meta name=\"twitter:label1\" content=\"Dur\u00e9e de lecture estim\u00e9e\" \/>\n\t<meta name=\"twitter:data1\" content=\"1 minute\" \/>\n<script type=\"application\/ld+json\" class=\"yoast-schema-graph\">{\"@context\":\"https:\/\/schema.org\",\"@graph\":[{\"@type\":\"WebPage\",\"@id\":\"https:\/\/www.sprachschule-aktiv-leipzig.de\/fr\/inscription-aux-cours-de-langue\/\",\"url\":\"https:\/\/www.sprachschule-aktiv-leipzig.de\/fr\/inscription-aux-cours-de-langue\/\",\"name\":\"Inscription aux cours de langue\",\"isPartOf\":{\"@id\":\"https:\/\/www.sprachschule-aktiv-leipzig.de\/#website\"},\"datePublished\":\"2021-06-20T19:05:21+00:00\",\"dateModified\":\"2022-06-13T03:59:46+00:00\",\"description\":\"Ici, vous pouvez vous inscrire \u00e0 un cours d'allemand \u00e0 Leipzig. R\u00e9servez votre cours de langue ici\",\"breadcrumb\":{\"@id\":\"https:\/\/www.sprachschule-aktiv-leipzig.de\/fr\/inscription-aux-cours-de-langue\/#breadcrumb\"},\"inLanguage\":\"fr-FR\",\"potentialAction\":[{\"@type\":\"ReadAction\",\"target\":[\"https:\/\/www.sprachschule-aktiv-leipzig.de\/fr\/inscription-aux-cours-de-langue\/\"]}]},{\"@type\":\"BreadcrumbList\",\"@id\":\"https:\/\/www.sprachschule-aktiv-leipzig.de\/fr\/inscription-aux-cours-de-langue\/#breadcrumb\",\"itemListElement\":[{\"@type\":\"ListItem\",\"position\":1,\"name\":\"Startseite\",\"item\":\"https:\/\/www.sprachschule-aktiv-leipzig.de\/fr\/\"},{\"@type\":\"ListItem\",\"position\":2,\"name\":\"Inscription aux cours de langue\"}]},{\"@type\":\"WebSite\",\"@id\":\"https:\/\/www.sprachschule-aktiv-leipzig.de\/#website\",\"url\":\"https:\/\/www.sprachschule-aktiv-leipzig.de\/\",\"name\":\"\",\"description\":\"\",\"potentialAction\":[{\"@type\":\"SearchAction\",\"target\":{\"@type\":\"EntryPoint\",\"urlTemplate\":\"https:\/\/www.sprachschule-aktiv-leipzig.de\/?s={search_term_string}\"},\"query-input\":{\"@type\":\"PropertyValueSpecification\",\"valueRequired\":true,\"valueName\":\"search_term_string\"}}],\"inLanguage\":\"fr-FR\"}]}<\/script>\n<!-- \/ Yoast SEO plugin. -->","yoast_head_json":{"title":"Inscription aux cours de langue","description":"Ici, vous pouvez vous inscrire \u00e0 un cours d'allemand \u00e0 Leipzig. R\u00e9servez votre cours de langue ici","robots":{"index":"index","follow":"follow","max-snippet":"max-snippet:-1","max-image-preview":"max-image-preview:large","max-video-preview":"max-video-preview:-1"},"canonical":"https:\/\/www.sprachschule-aktiv-leipzig.de\/fr\/inscription-aux-cours-de-langue\/","og_locale":"fr_FR","og_type":"article","og_title":"Inscription aux cours de langue","og_description":"Ici, vous pouvez vous inscrire \u00e0 un cours d'allemand \u00e0 Leipzig. R\u00e9servez votre cours de langue ici","og_url":"https:\/\/www.sprachschule-aktiv-leipzig.de\/fr\/inscription-aux-cours-de-langue\/","article_modified_time":"2022-06-13T03:59:46+00:00","twitter_card":"summary_large_image","twitter_misc":{"Dur\u00e9e de lecture estim\u00e9e":"1 minute"},"schema":{"@context":"https:\/\/schema.org","@graph":[{"@type":"WebPage","@id":"https:\/\/www.sprachschule-aktiv-leipzig.de\/fr\/inscription-aux-cours-de-langue\/","url":"https:\/\/www.sprachschule-aktiv-leipzig.de\/fr\/inscription-aux-cours-de-langue\/","name":"Inscription aux cours de langue","isPartOf":{"@id":"https:\/\/www.sprachschule-aktiv-leipzig.de\/#website"},"datePublished":"2021-06-20T19:05:21+00:00","dateModified":"2022-06-13T03:59:46+00:00","description":"Ici, vous pouvez vous inscrire \u00e0 un cours d'allemand \u00e0 Leipzig. R\u00e9servez votre cours de langue ici","breadcrumb":{"@id":"https:\/\/www.sprachschule-aktiv-leipzig.de\/fr\/inscription-aux-cours-de-langue\/#breadcrumb"},"inLanguage":"fr-FR","potentialAction":[{"@type":"ReadAction","target":["https:\/\/www.sprachschule-aktiv-leipzig.de\/fr\/inscription-aux-cours-de-langue\/"]}]},{"@type":"BreadcrumbList","@id":"https:\/\/www.sprachschule-aktiv-leipzig.de\/fr\/inscription-aux-cours-de-langue\/#breadcrumb","itemListElement":[{"@type":"ListItem","position":1,"name":"Startseite","item":"https:\/\/www.sprachschule-aktiv-leipzig.de\/fr\/"},{"@type":"ListItem","position":2,"name":"Inscription aux cours de langue"}]},{"@type":"WebSite","@id":"https:\/\/www.sprachschule-aktiv-leipzig.de\/#website","url":"https:\/\/www.sprachschule-aktiv-leipzig.de\/","name":"","description":"","potentialAction":[{"@type":"SearchAction","target":{"@type":"EntryPoint","urlTemplate":"https:\/\/www.sprachschule-aktiv-leipzig.de\/?s={search_term_string}"},"query-input":{"@type":"PropertyValueSpecification","valueRequired":true,"valueName":"search_term_string"}}],"inLanguage":"fr-FR"}]}},"_links":{"self":[{"href":"https:\/\/www.sprachschule-aktiv-leipzig.de\/fr\/wp-json\/wp\/v2\/pages\/1191","targetHints":{"allow":["GET"]}}],"collection":[{"href":"https:\/\/www.sprachschule-aktiv-leipzig.de\/fr\/wp-json\/wp\/v2\/pages"}],"about":[{"href":"https:\/\/www.sprachschule-aktiv-leipzig.de\/fr\/wp-json\/wp\/v2\/types\/page"}],"author":[{"embeddable":true,"href":"https:\/\/www.sprachschule-aktiv-leipzig.de\/fr\/wp-json\/wp\/v2\/users\/1"}],"replies":[{"embeddable":true,"href":"https:\/\/www.sprachschule-aktiv-leipzig.de\/fr\/wp-json\/wp\/v2\/comments?post=1191"}],"version-history":[{"count":3,"href":"https:\/\/www.sprachschule-aktiv-leipzig.de\/fr\/wp-json\/wp\/v2\/pages\/1191\/revisions"}],"predecessor-version":[{"id":2388,"href":"https:\/\/www.sprachschule-aktiv-leipzig.de\/fr\/wp-json\/wp\/v2\/pages\/1191\/revisions\/2388"}],"wp:attachment":[{"href":"https:\/\/www.sprachschule-aktiv-leipzig.de\/fr\/wp-json\/wp\/v2\/media?parent=1191"}],"curies":[{"name":"wp","href":"https:\/\/api.w.org\/{rel}","templated":true}]}}