{"id":839,"date":"2021-06-20T21:05:21","date_gmt":"2021-06-20T19:05:21","guid":{"rendered":"https:\/\/www.sprachschule-aktiv-leipzig.de\/anmeldung-fuer-sprachkurse\/"},"modified":"2022-06-13T05:58:28","modified_gmt":"2022-06-13T03:58:28","slug":"inscribete-escuela-leipzig","status":"publish","type":"page","link":"https:\/\/www.sprachschule-aktiv-leipzig.de\/es\/inscribete-escuela-leipzig\/","title":{"rendered":"Inscr\u00edbete en nuestros cursos en Leipzig"},"content":{"rendered":"<p>[vc_row css=&#8221;.vc_custom_1486284745672{margin-top: 25px !important;padding-bottom: 30px !important;}&#8221;][vc_column][vc_column_text]<\/p>\n<h2>Inscripci\u00f3n en nuestra escuela de idiomas en Leipzig<\/h2>\n<p>Inscripci\u00f3n para cursos de idiomas: complete el formulario de inscripci\u00f3n para el curso de idiomas deseado.[\/vc_column_text][vc_row_inner][vc_column_inner]\n<div class=\"wpcf7 no-js\" id=\"wpcf7-f840-o1\" lang=\"de-DE\" dir=\"ltr\" data-wpcf7-id=\"840\">\n<div class=\"screen-reader-response\"><p role=\"status\" aria-live=\"polite\" aria-atomic=\"true\"><\/p> <ul><\/ul><\/div>\n<form action=\"\/es\/wp-json\/wp\/v2\/pages\/839#wpcf7-f840-o1\" method=\"post\" class=\"wpcf7-form init wpcf7-acceptance-as-validation\" aria-label=\"Kontaktformular\" novalidate=\"novalidate\" data-status=\"init\">\n<fieldset class=\"hidden-fields-container\"><input type=\"hidden\" name=\"_wpcf7\" value=\"840\" \/><input type=\"hidden\" name=\"_wpcf7_version\" value=\"6.1.5\" \/><input type=\"hidden\" name=\"_wpcf7_locale\" value=\"de_DE\" \/><input type=\"hidden\" name=\"_wpcf7_unit_tag\" value=\"wpcf7-f840-o1\" \/><input type=\"hidden\" name=\"_wpcf7_container_post\" value=\"0\" \/><input type=\"hidden\" name=\"_wpcf7_posted_data_hash\" value=\"\" \/><input type=\"hidden\" name=\"_wpcf7cf_hidden_group_fields\" value=\"[]\" \/><input type=\"hidden\" name=\"_wpcf7cf_hidden_groups\" value=\"[]\" \/><input type=\"hidden\" name=\"_wpcf7cf_visible_groups\" value=\"[]\" \/><input type=\"hidden\" name=\"_wpcf7cf_repeaters\" value=\"[]\" \/><input type=\"hidden\" name=\"_wpcf7cf_steps\" value=\"{}\" \/><input type=\"hidden\" name=\"_wpcf7cf_options\" value=\"{&quot;form_id&quot;:840,&quot;conditions&quot;:[],&quot;settings&quot;:{&quot;animation&quot;:&quot;yes&quot;,&quot;animation_intime&quot;:200,&quot;animation_outtime&quot;:200,&quot;conditions_ui&quot;:&quot;normal&quot;,&quot;notice_dismissed&quot;:false,&quot;notice_dismissed_rollback-cf7-5.9.6&quot;:true}}\" \/><input type=\"hidden\" name=\"_wpcf7_recaptcha_response\" value=\"\" \/>\n<\/fieldset>\n<p>Empresa: <span class=\"wpcf7-form-control-wrap\" data-name=\"Firma\"><input size=\"40\" maxlength=\"400\" class=\"wpcf7-form-control wpcf7-text\" aria-invalid=\"false\" value=\"\" type=\"text\" name=\"Firma\" \/><\/span>\n<\/p>\n<p>G\u00e9nero*: <span class=\"wpcf7-form-control-wrap\" data-name=\"anrede\"><select class=\"wpcf7-form-control wpcf7-select wpcf7-validates-as-required\" aria-required=\"true\" aria-invalid=\"false\" name=\"anrede\"><option value=\"\">&#8211; Bitte ausw\u00e4hlen &#8211;<\/option><option value=\"Se\u00f1ora\">Se\u00f1ora<\/option><option value=\"Se\u00f1or\">Se\u00f1or<\/option><\/select><\/span>\n<\/p>\n<p>Nombre*: <span class=\"wpcf7-form-control-wrap\" data-name=\"Vorname\"><input size=\"40\" maxlength=\"400\" class=\"wpcf7-form-control wpcf7-text wpcf7-validates-as-required\" aria-required=\"true\" aria-invalid=\"false\" value=\"\" type=\"text\" name=\"Vorname\" \/><\/span>\n<\/p>\n<p>Apellidos*: <span class=\"wpcf7-form-control-wrap\" data-name=\"Nachname\"><input size=\"40\" maxlength=\"400\" class=\"wpcf7-form-control wpcf7-text wpcf7-validates-as-required\" aria-required=\"true\" aria-invalid=\"false\" value=\"\" type=\"text\" name=\"Nachname\" \/><\/span>\n<\/p>\n<p>Direcci\u00f3n*: <span class=\"wpcf7-form-control-wrap\" data-name=\"Adresse\"><input size=\"40\" maxlength=\"400\" class=\"wpcf7-form-control wpcf7-text wpcf7-validates-as-required\" aria-required=\"true\" aria-invalid=\"false\" value=\"\" type=\"text\" name=\"Adresse\" \/><\/span>\n<\/p>\n<p>C\u00f3digo postal\/Ciudad*: <span class=\"wpcf7-form-control-wrap\" data-name=\"PLZ-Ort\"><input size=\"40\" maxlength=\"400\" class=\"wpcf7-form-control wpcf7-text wpcf7-validates-as-required\" aria-required=\"true\" aria-invalid=\"false\" value=\"\" type=\"text\" name=\"PLZ-Ort\" \/><\/span>\n<\/p>\n<p>Tel\u00e9fono*: <span class=\"wpcf7-form-control-wrap\" data-name=\"Telefon\"><input size=\"40\" maxlength=\"400\" class=\"wpcf7-form-control wpcf7-text wpcf7-validates-as-required\" aria-required=\"true\" aria-invalid=\"false\" value=\"\" type=\"text\" name=\"Telefon\" \/><\/span>\n<\/p>\n<p>E-Mail*: <span class=\"wpcf7-form-control-wrap\" data-name=\"Email\"><input size=\"40\" maxlength=\"400\" class=\"wpcf7-form-control wpcf7-email wpcf7-validates-as-required wpcf7-text wpcf7-validates-as-email\" aria-required=\"true\" aria-invalid=\"false\" value=\"\" type=\"email\" name=\"Email\" \/><\/span>\n<\/p>\n<h2>Informaci\u00f3n sobre el curso:\n<\/h2>\n<p>Idioma*: <span class=\"wpcf7-form-control-wrap\" data-name=\"Sprache\"><input size=\"40\" maxlength=\"400\" class=\"wpcf7-form-control wpcf7-text wpcf7-validates-as-required\" aria-required=\"true\" aria-invalid=\"false\" placeholder=\"Por ejemplo: Alem\u00e1n, ingl\u00e9s, espa\u00f1ol\" value=\"\" type=\"text\" name=\"Sprache\" \/><\/span>\n<\/p>\n<p>Tipo de cursos*: <span class=\"wpcf7-form-control-wrap\" data-name=\"Kursart\"><input size=\"40\" maxlength=\"400\" class=\"wpcf7-form-control wpcf7-text wpcf7-validates-as-required\" aria-required=\"true\" aria-invalid=\"false\" placeholder=\"Por ejemplo: Cursos intensivos, nocturnos, privados...\" value=\"\" type=\"text\" name=\"Kursart\" \/><\/span>\n<\/p>\n<p>Nivel*: <span class=\"wpcf7-form-control-wrap\" data-name=\"Niveau\"><select class=\"wpcf7-form-control wpcf7-select wpcf7-validates-as-required\" aria-required=\"true\" aria-invalid=\"false\" name=\"Niveau\"><option value=\"A1 (Principiante)\">A1 (Principiante)<\/option><option value=\"A2 (Preintermedio)\">A2 (Preintermedio)<\/option><option value=\"B1 (Intermedio principiante)\">B1 (Intermedio principiante)<\/option><option value=\"B2 (Intermedio superior)\">B2 (Intermedio superior)<\/option><option value=\"C1 (Avanzado)\">C1 (Avanzado)<\/option><option value=\"C2 (Profesional)\">C2 (Profesional)<\/option><\/select><\/span>\n<\/p>\n<p>Comienzo del curso*: <span class=\"wpcf7-form-control-wrap\" data-name=\"Kursbeginn\"><input class=\"wpcf7-form-control wpcf7-date wpcf7-validates-as-required wpcf7-validates-as-date\" aria-required=\"true\" aria-invalid=\"false\" value=\"\" type=\"date\" name=\"Kursbeginn\" \/><\/span>\n<\/p>\n<p>Duraci\u00f3n del curso: <span class=\"wpcf7-form-control-wrap\" data-name=\"DauerDesKurses\"><input size=\"40\" maxlength=\"400\" class=\"wpcf7-form-control wpcf7-text\" aria-invalid=\"false\" placeholder=\"Por ejemplo: 4 semanas para un curso intensivo\" value=\"\" type=\"text\" name=\"DauerDesKurses\" \/><\/span>\n<\/p>\n<p>Cantidad deseada de horas (solo para cursos privados): <span class=\"wpcf7-form-control-wrap\" data-name=\"GewunschteStundenzahl\"><input size=\"40\" maxlength=\"400\" class=\"wpcf7-form-control wpcf7-text\" aria-invalid=\"false\" value=\"\" type=\"text\" name=\"GewunschteStundenzahl\" \/><\/span>\n<\/p>\n<h2>Pago:\n<\/h2>\n<p>M\u00a1etodos de pago: <span class=\"wpcf7-form-control-wrap\" data-name=\"Zahlungsweise\"><select class=\"wpcf7-form-control wpcf7-select wpcf7-validates-as-required\" aria-required=\"true\" aria-invalid=\"false\" name=\"Zahlungsweise\"><option value=\"Transferencia bancaria\">Transferencia bancaria<\/option><option value=\"Paypal: buchhaltung1@sprachschule-aktiv.de\">Paypal: buchhaltung1@sprachschule-aktiv.de<\/option><\/select><\/span>\n<\/p>\n<h2>Comentarios:\n<\/h2>\n<p>Bemerkungen: <span class=\"wpcf7-form-control-wrap\" data-name=\"Bemerkungen\"><textarea cols=\"40\" rows=\"10\" maxlength=\"2000\" class=\"wpcf7-form-control wpcf7-textarea\" aria-invalid=\"false\" name=\"Bemerkungen\"><\/textarea><\/span>\n<\/p>\n<div style=\"\">\n\t<p><span class=\"wpcf7-form-control-wrap\" data-name=\"agb\"><span class=\"wpcf7-form-control wpcf7-acceptance\"><span class=\"wpcf7-list-item\"><input type=\"checkbox\" name=\"agb\" value=\"1\" aria-invalid=\"false\" \/><\/span><\/span><\/span> (*) Afirmo haber le\u00eddo y aceptado los <a href=\"\/agb\/\" target=\"_blank\">t\u00e9rminos legales<\/a> y la <a href=\"\/datenschutzerklaerung\/\" target=\"_blank\">pol\u00edtica privacidad de datos<\/a>.\n\t<\/p>\n<\/div>\n<p>&nbsp;\n<\/p>\n<p><input class=\"wpcf7-form-control wpcf7-submit has-spinner\" type=\"submit\" value=\"Enviar formulario\" \/>\n<\/p><div class=\"wpcf7-response-output\" aria-hidden=\"true\"><\/div>\n<\/form>\n<\/div>\n[\/vc_column_inner][\/vc_row_inner][\/vc_column][\/vc_row]<\/p>\n","protected":false},"excerpt":{"rendered":"<p>[vc_row css=&#8221;.vc_custom_1486284745672{margin-top: 25px !important;padding-bottom: 30px !important;}&#8221;][vc_column][vc_column_text] Inscripci\u00f3n en nuestra escuela de idiomas en Leipzig Inscripci\u00f3n para cursos de idiomas: complete el formulario de inscripci\u00f3n para el curso de idiomas deseado.[\/vc_column_text][vc_row_inner][vc_column_inner][\/vc_column_inner][\/vc_row_inner][\/vc_column][\/vc_row]<\/p>\n","protected":false},"author":1,"featured_media":0,"parent":0,"menu_order":0,"comment_status":"closed","ping_status":"closed","template":"","meta":{"footnotes":""},"class_list":["post-839","page","type-page","status-publish","hentry"],"yoast_head":"<!-- This site is optimized with the Yoast SEO plugin v27.1.1 - https:\/\/yoast.com\/product\/yoast-seo-wordpress\/ -->\n<title>Inscr\u00edbete en nuestros cursos en Leipzig<\/title>\n<meta name=\"description\" content=\"En este formulario de inscripci\u00f3n puedes inscribirte para el curso de alem\u00e1n que te venga mejor. Reserva aqu\u00ed tu curso.\" \/>\n<meta name=\"robots\" content=\"index, follow, max-snippet:-1, max-image-preview:large, max-video-preview:-1\" \/>\n<link rel=\"canonical\" href=\"https:\/\/www.sprachschule-aktiv-leipzig.de\/es\/inscribete-escuela-leipzig\/\" \/>\n<meta property=\"og:locale\" content=\"es_ES\" \/>\n<meta property=\"og:type\" content=\"article\" \/>\n<meta property=\"og:title\" content=\"Inscr\u00edbete en nuestros cursos en Leipzig\" \/>\n<meta property=\"og:description\" content=\"En este formulario de inscripci\u00f3n puedes inscribirte para el curso de alem\u00e1n que te venga mejor. Reserva aqu\u00ed tu curso.\" \/>\n<meta property=\"og:url\" content=\"https:\/\/www.sprachschule-aktiv-leipzig.de\/es\/inscribete-escuela-leipzig\/\" \/>\n<meta property=\"article:modified_time\" content=\"2022-06-13T03:58:28+00:00\" \/>\n<meta name=\"twitter:card\" content=\"summary_large_image\" \/>\n<meta name=\"twitter:label1\" content=\"Tiempo de lectura\" \/>\n\t<meta name=\"twitter:data1\" content=\"1 minuto\" \/>\n<script type=\"application\/ld+json\" class=\"yoast-schema-graph\">{\"@context\":\"https:\/\/schema.org\",\"@graph\":[{\"@type\":\"WebPage\",\"@id\":\"https:\/\/www.sprachschule-aktiv-leipzig.de\/es\/inscribete-escuela-leipzig\/\",\"url\":\"https:\/\/www.sprachschule-aktiv-leipzig.de\/es\/inscribete-escuela-leipzig\/\",\"name\":\"Inscr\u00edbete en nuestros cursos en Leipzig\",\"isPartOf\":{\"@id\":\"https:\/\/www.sprachschule-aktiv-leipzig.de\/#website\"},\"datePublished\":\"2021-06-20T19:05:21+00:00\",\"dateModified\":\"2022-06-13T03:58:28+00:00\",\"description\":\"En este formulario de inscripci\u00f3n puedes inscribirte para el curso de alem\u00e1n que te venga mejor. Reserva aqu\u00ed tu curso.\",\"breadcrumb\":{\"@id\":\"https:\/\/www.sprachschule-aktiv-leipzig.de\/es\/inscribete-escuela-leipzig\/#breadcrumb\"},\"inLanguage\":\"es\",\"potentialAction\":[{\"@type\":\"ReadAction\",\"target\":[\"https:\/\/www.sprachschule-aktiv-leipzig.de\/es\/inscribete-escuela-leipzig\/\"]}]},{\"@type\":\"BreadcrumbList\",\"@id\":\"https:\/\/www.sprachschule-aktiv-leipzig.de\/es\/inscribete-escuela-leipzig\/#breadcrumb\",\"itemListElement\":[{\"@type\":\"ListItem\",\"position\":1,\"name\":\"Startseite\",\"item\":\"https:\/\/www.sprachschule-aktiv-leipzig.de\/es\/\"},{\"@type\":\"ListItem\",\"position\":2,\"name\":\"Inscr\u00edbete en nuestros cursos en Leipzig\"}]},{\"@type\":\"WebSite\",\"@id\":\"https:\/\/www.sprachschule-aktiv-leipzig.de\/#website\",\"url\":\"https:\/\/www.sprachschule-aktiv-leipzig.de\/\",\"name\":\"\",\"description\":\"\",\"potentialAction\":[{\"@type\":\"SearchAction\",\"target\":{\"@type\":\"EntryPoint\",\"urlTemplate\":\"https:\/\/www.sprachschule-aktiv-leipzig.de\/?s={search_term_string}\"},\"query-input\":{\"@type\":\"PropertyValueSpecification\",\"valueRequired\":true,\"valueName\":\"search_term_string\"}}],\"inLanguage\":\"es\"}]}<\/script>\n<!-- \/ Yoast SEO plugin. -->","yoast_head_json":{"title":"Inscr\u00edbete en nuestros cursos en Leipzig","description":"En este formulario de inscripci\u00f3n puedes inscribirte para el curso de alem\u00e1n que te venga mejor. Reserva aqu\u00ed tu curso.","robots":{"index":"index","follow":"follow","max-snippet":"max-snippet:-1","max-image-preview":"max-image-preview:large","max-video-preview":"max-video-preview:-1"},"canonical":"https:\/\/www.sprachschule-aktiv-leipzig.de\/es\/inscribete-escuela-leipzig\/","og_locale":"es_ES","og_type":"article","og_title":"Inscr\u00edbete en nuestros cursos en Leipzig","og_description":"En este formulario de inscripci\u00f3n puedes inscribirte para el curso de alem\u00e1n que te venga mejor. Reserva aqu\u00ed tu curso.","og_url":"https:\/\/www.sprachschule-aktiv-leipzig.de\/es\/inscribete-escuela-leipzig\/","article_modified_time":"2022-06-13T03:58:28+00:00","twitter_card":"summary_large_image","twitter_misc":{"Tiempo de lectura":"1 minuto"},"schema":{"@context":"https:\/\/schema.org","@graph":[{"@type":"WebPage","@id":"https:\/\/www.sprachschule-aktiv-leipzig.de\/es\/inscribete-escuela-leipzig\/","url":"https:\/\/www.sprachschule-aktiv-leipzig.de\/es\/inscribete-escuela-leipzig\/","name":"Inscr\u00edbete en nuestros cursos en Leipzig","isPartOf":{"@id":"https:\/\/www.sprachschule-aktiv-leipzig.de\/#website"},"datePublished":"2021-06-20T19:05:21+00:00","dateModified":"2022-06-13T03:58:28+00:00","description":"En este formulario de inscripci\u00f3n puedes inscribirte para el curso de alem\u00e1n que te venga mejor. Reserva aqu\u00ed tu curso.","breadcrumb":{"@id":"https:\/\/www.sprachschule-aktiv-leipzig.de\/es\/inscribete-escuela-leipzig\/#breadcrumb"},"inLanguage":"es","potentialAction":[{"@type":"ReadAction","target":["https:\/\/www.sprachschule-aktiv-leipzig.de\/es\/inscribete-escuela-leipzig\/"]}]},{"@type":"BreadcrumbList","@id":"https:\/\/www.sprachschule-aktiv-leipzig.de\/es\/inscribete-escuela-leipzig\/#breadcrumb","itemListElement":[{"@type":"ListItem","position":1,"name":"Startseite","item":"https:\/\/www.sprachschule-aktiv-leipzig.de\/es\/"},{"@type":"ListItem","position":2,"name":"Inscr\u00edbete en nuestros cursos en Leipzig"}]},{"@type":"WebSite","@id":"https:\/\/www.sprachschule-aktiv-leipzig.de\/#website","url":"https:\/\/www.sprachschule-aktiv-leipzig.de\/","name":"","description":"","potentialAction":[{"@type":"SearchAction","target":{"@type":"EntryPoint","urlTemplate":"https:\/\/www.sprachschule-aktiv-leipzig.de\/?s={search_term_string}"},"query-input":{"@type":"PropertyValueSpecification","valueRequired":true,"valueName":"search_term_string"}}],"inLanguage":"es"}]}},"_links":{"self":[{"href":"https:\/\/www.sprachschule-aktiv-leipzig.de\/es\/wp-json\/wp\/v2\/pages\/839","targetHints":{"allow":["GET"]}}],"collection":[{"href":"https:\/\/www.sprachschule-aktiv-leipzig.de\/es\/wp-json\/wp\/v2\/pages"}],"about":[{"href":"https:\/\/www.sprachschule-aktiv-leipzig.de\/es\/wp-json\/wp\/v2\/types\/page"}],"author":[{"embeddable":true,"href":"https:\/\/www.sprachschule-aktiv-leipzig.de\/es\/wp-json\/wp\/v2\/users\/1"}],"replies":[{"embeddable":true,"href":"https:\/\/www.sprachschule-aktiv-leipzig.de\/es\/wp-json\/wp\/v2\/comments?post=839"}],"version-history":[{"count":2,"href":"https:\/\/www.sprachschule-aktiv-leipzig.de\/es\/wp-json\/wp\/v2\/pages\/839\/revisions"}],"predecessor-version":[{"id":842,"href":"https:\/\/www.sprachschule-aktiv-leipzig.de\/es\/wp-json\/wp\/v2\/pages\/839\/revisions\/842"}],"wp:attachment":[{"href":"https:\/\/www.sprachschule-aktiv-leipzig.de\/es\/wp-json\/wp\/v2\/media?parent=839"}],"curies":[{"name":"wp","href":"https:\/\/api.w.org\/{rel}","templated":true}]}}