{"id":834,"date":"2021-06-20T20:59:10","date_gmt":"2021-06-20T18:59:10","guid":{"rendered":"https:\/\/www.sprachschule-aktiv-leipzig.de\/kontakt-sprachschule-aktiv-leipzig\/"},"modified":"2022-06-13T05:53:03","modified_gmt":"2022-06-13T03:53:03","slug":"contactar-escuela-idiomas-leipzig","status":"publish","type":"page","link":"https:\/\/www.sprachschule-aktiv-leipzig.de\/es\/contactar-escuela-idiomas-leipzig\/","title":{"rendered":"Contacta con nuestra escuela de idiomas en Leipzig"},"content":{"rendered":"<p>[vc_row css=&#8221;.vc_custom_1618305016558{margin-top: 30px !important;padding-bottom: 30px !important;}&#8221;][vc_column][vc_column_text]<\/p>\n<h2>Formulario de contacto<\/h2>\n<p>Ubicaci\u00f3n, horario de apertura, ubicaciones y contacto de Sprachschule Aktiv Leipzig. P\u00f3ngase en contacto con nosotros a trav\u00e9s de nuestro formulario de contacto:[\/vc_column_text][vc_row_inner][vc_column_inner]\n<div class=\"wpcf7 no-js\" id=\"wpcf7-f836-o1\" lang=\"de-DE\" dir=\"ltr\" data-wpcf7-id=\"836\">\n<div class=\"screen-reader-response\"><p role=\"status\" aria-live=\"polite\" aria-atomic=\"true\"><\/p> <ul><\/ul><\/div>\n<form action=\"\/es\/wp-json\/wp\/v2\/pages\/834#wpcf7-f836-o1\" method=\"post\" class=\"wpcf7-form init wpcf7-acceptance-as-validation\" aria-label=\"Kontaktformular\" novalidate=\"novalidate\" data-status=\"init\">\n<fieldset class=\"hidden-fields-container\"><input type=\"hidden\" name=\"_wpcf7\" value=\"836\" \/><input type=\"hidden\" name=\"_wpcf7_version\" value=\"6.1.5\" \/><input type=\"hidden\" name=\"_wpcf7_locale\" value=\"de_DE\" \/><input type=\"hidden\" name=\"_wpcf7_unit_tag\" value=\"wpcf7-f836-o1\" \/><input type=\"hidden\" name=\"_wpcf7_container_post\" value=\"0\" \/><input type=\"hidden\" name=\"_wpcf7_posted_data_hash\" value=\"\" \/><input type=\"hidden\" name=\"_wpcf7cf_hidden_group_fields\" value=\"[]\" \/><input type=\"hidden\" name=\"_wpcf7cf_hidden_groups\" value=\"[]\" \/><input type=\"hidden\" name=\"_wpcf7cf_visible_groups\" value=\"[]\" \/><input type=\"hidden\" name=\"_wpcf7cf_repeaters\" value=\"[]\" \/><input type=\"hidden\" name=\"_wpcf7cf_steps\" value=\"{}\" \/><input type=\"hidden\" name=\"_wpcf7cf_options\" value=\"{&quot;form_id&quot;:836,&quot;conditions&quot;:[],&quot;settings&quot;:{&quot;animation&quot;:&quot;yes&quot;,&quot;animation_intime&quot;:200,&quot;animation_outtime&quot;:200,&quot;conditions_ui&quot;:&quot;normal&quot;,&quot;notice_dismissed&quot;:false,&quot;notice_dismissed_rollback-cf7-5.9.6&quot;:true}}\" \/><input type=\"hidden\" name=\"_wpcf7_recaptcha_response\" value=\"\" \/>\n<\/fieldset>\n<p>Empresa: <span class=\"wpcf7-form-control-wrap\" data-name=\"Firma\"><input size=\"40\" maxlength=\"400\" class=\"wpcf7-form-control wpcf7-text fullwidth\" aria-invalid=\"false\" value=\"\" type=\"text\" name=\"Firma\" \/><\/span>\n<\/p>\n<p>Nombre*: <span class=\"wpcf7-form-control-wrap\" data-name=\"Vorname\"><input size=\"40\" maxlength=\"400\" class=\"wpcf7-form-control wpcf7-text wpcf7-validates-as-required fullwidth\" aria-required=\"true\" aria-invalid=\"false\" value=\"\" type=\"text\" name=\"Vorname\" \/><\/span>\n<\/p>\n<p>Apellidos*: <span class=\"wpcf7-form-control-wrap\" data-name=\"Nachname\"><input size=\"40\" maxlength=\"400\" class=\"wpcf7-form-control wpcf7-text wpcf7-validates-as-required fullwidth\" aria-required=\"true\" aria-invalid=\"false\" value=\"\" type=\"text\" name=\"Nachname\" \/><\/span>\n<\/p>\n<p>E-mail*: <span class=\"wpcf7-form-control-wrap\" data-name=\"email\"><input size=\"40\" maxlength=\"400\" class=\"wpcf7-form-control wpcf7-email wpcf7-validates-as-required wpcf7-text wpcf7-validates-as-email fullwidth\" aria-required=\"true\" aria-invalid=\"false\" value=\"\" type=\"email\" name=\"email\" \/><\/span>\n<\/p>\n<p>Tel\u00e9fono*: <span class=\"wpcf7-form-control-wrap\" data-name=\"Telefon\"><input size=\"40\" maxlength=\"400\" class=\"wpcf7-form-control wpcf7-text wpcf7-validates-as-required fullwidth\" aria-required=\"true\" aria-invalid=\"false\" value=\"\" type=\"text\" name=\"Telefon\" \/><\/span>\n<\/p>\n<p>Consulta: <span class=\"wpcf7-form-control-wrap\" data-name=\"message\"><textarea cols=\"200\" rows=\"7\" maxlength=\"2000\" class=\"wpcf7-form-control wpcf7-textarea\" aria-invalid=\"false\" name=\"message\"><\/textarea><\/span>\n<\/p>\n<div style=\"\">\n\t<p><span class=\"wpcf7-form-control-wrap\" data-name=\"agb\"><span class=\"wpcf7-form-control wpcf7-acceptance\"><span class=\"wpcf7-list-item\"><input type=\"checkbox\" name=\"agb\" value=\"1\" aria-invalid=\"false\" \/><\/span><\/span><\/span> (*) Afirmo haber le\u00eddo y aceptado los <a href=\"\/agb\/\" target=\"_blank\">t\u00e9rminos legales<\/a> y la <a href=\"\/datenschutzerklaerung\/\" target=\"_blank\">pol\u00edtica privacidad de datos<\/a>.\n\t<\/p>\n<\/div>\n<p><input class=\"wpcf7-form-control wpcf7-submit has-spinner fullwidth\" type=\"submit\" value=\"Enviar formulario\" \/>\n<\/p><div class=\"wpcf7-response-output\" aria-hidden=\"true\"><\/div>\n<\/form>\n<\/div>\n[\/vc_column_inner][\/vc_row_inner][\/vc_column][\/vc_row]<\/p>\n","protected":false},"excerpt":{"rendered":"<p>[vc_row css=&#8221;.vc_custom_1618305016558{margin-top: 30px !important;padding-bottom: 30px !important;}&#8221;][vc_column][vc_column_text] Formulario de contacto Ubicaci\u00f3n, horario de apertura, ubicaciones y contacto de Sprachschule Aktiv Leipzig. P\u00f3ngase en contacto con nosotros a trav\u00e9s de nuestro formulario de contacto:[\/vc_column_text][vc_row_inner][vc_column_inner][\/vc_column_inner][\/vc_row_inner][\/vc_column][\/vc_row]<\/p>\n","protected":false},"author":1,"featured_media":0,"parent":0,"menu_order":0,"comment_status":"closed","ping_status":"closed","template":"","meta":{"footnotes":""},"class_list":["post-834","page","type-page","status-publish","hentry"],"yoast_head":"<!-- This site is optimized with the Yoast SEO plugin v27.1.1 - https:\/\/yoast.com\/product\/yoast-seo-wordpress\/ -->\n<title>Contacta con nuestra escuela de alem\u00e1n en Leipzig<\/title>\n<meta name=\"description\" content=\"Aqu\u00ed puedes acceder al formularion de contacto y hacernos tu pregunta con respecto a nuestros cursos de alem\u00e1n.\" \/>\n<meta name=\"robots\" content=\"index, follow, max-snippet:-1, max-image-preview:large, max-video-preview:-1\" \/>\n<link rel=\"canonical\" href=\"https:\/\/www.sprachschule-aktiv-leipzig.de\/es\/contactar-escuela-idiomas-leipzig\/\" \/>\n<meta property=\"og:locale\" content=\"es_ES\" \/>\n<meta property=\"og:type\" content=\"article\" \/>\n<meta property=\"og:title\" content=\"Contacta con nuestra escuela de alem\u00e1n en Leipzig\" \/>\n<meta property=\"og:description\" content=\"Aqu\u00ed puedes acceder al formularion de contacto y hacernos tu pregunta con respecto a nuestros cursos de alem\u00e1n.\" \/>\n<meta property=\"og:url\" content=\"https:\/\/www.sprachschule-aktiv-leipzig.de\/es\/contactar-escuela-idiomas-leipzig\/\" \/>\n<meta property=\"article:modified_time\" content=\"2022-06-13T03:53:03+00:00\" \/>\n<meta name=\"twitter:card\" content=\"summary_large_image\" \/>\n<meta name=\"twitter:label1\" content=\"Tiempo de lectura\" \/>\n\t<meta name=\"twitter:data1\" content=\"1 minuto\" \/>\n<script type=\"application\/ld+json\" class=\"yoast-schema-graph\">{\"@context\":\"https:\/\/schema.org\",\"@graph\":[{\"@type\":\"WebPage\",\"@id\":\"https:\/\/www.sprachschule-aktiv-leipzig.de\/es\/contactar-escuela-idiomas-leipzig\/\",\"url\":\"https:\/\/www.sprachschule-aktiv-leipzig.de\/es\/contactar-escuela-idiomas-leipzig\/\",\"name\":\"Contacta con nuestra escuela de alem\u00e1n en Leipzig\",\"isPartOf\":{\"@id\":\"https:\/\/www.sprachschule-aktiv-leipzig.de\/#website\"},\"datePublished\":\"2021-06-20T18:59:10+00:00\",\"dateModified\":\"2022-06-13T03:53:03+00:00\",\"description\":\"Aqu\u00ed puedes acceder al formularion de contacto y hacernos tu pregunta con respecto a nuestros cursos de alem\u00e1n.\",\"breadcrumb\":{\"@id\":\"https:\/\/www.sprachschule-aktiv-leipzig.de\/es\/contactar-escuela-idiomas-leipzig\/#breadcrumb\"},\"inLanguage\":\"es\",\"potentialAction\":[{\"@type\":\"ReadAction\",\"target\":[\"https:\/\/www.sprachschule-aktiv-leipzig.de\/es\/contactar-escuela-idiomas-leipzig\/\"]}]},{\"@type\":\"BreadcrumbList\",\"@id\":\"https:\/\/www.sprachschule-aktiv-leipzig.de\/es\/contactar-escuela-idiomas-leipzig\/#breadcrumb\",\"itemListElement\":[{\"@type\":\"ListItem\",\"position\":1,\"name\":\"Startseite\",\"item\":\"https:\/\/www.sprachschule-aktiv-leipzig.de\/es\/\"},{\"@type\":\"ListItem\",\"position\":2,\"name\":\"Contacta con nuestra escuela de idiomas en Leipzig\"}]},{\"@type\":\"WebSite\",\"@id\":\"https:\/\/www.sprachschule-aktiv-leipzig.de\/#website\",\"url\":\"https:\/\/www.sprachschule-aktiv-leipzig.de\/\",\"name\":\"\",\"description\":\"\",\"potentialAction\":[{\"@type\":\"SearchAction\",\"target\":{\"@type\":\"EntryPoint\",\"urlTemplate\":\"https:\/\/www.sprachschule-aktiv-leipzig.de\/?s={search_term_string}\"},\"query-input\":{\"@type\":\"PropertyValueSpecification\",\"valueRequired\":true,\"valueName\":\"search_term_string\"}}],\"inLanguage\":\"es\"}]}<\/script>\n<!-- \/ Yoast SEO plugin. -->","yoast_head_json":{"title":"Contacta con nuestra escuela de alem\u00e1n en Leipzig","description":"Aqu\u00ed puedes acceder al formularion de contacto y hacernos tu pregunta con respecto a nuestros cursos de alem\u00e1n.","robots":{"index":"index","follow":"follow","max-snippet":"max-snippet:-1","max-image-preview":"max-image-preview:large","max-video-preview":"max-video-preview:-1"},"canonical":"https:\/\/www.sprachschule-aktiv-leipzig.de\/es\/contactar-escuela-idiomas-leipzig\/","og_locale":"es_ES","og_type":"article","og_title":"Contacta con nuestra escuela de alem\u00e1n en Leipzig","og_description":"Aqu\u00ed puedes acceder al formularion de contacto y hacernos tu pregunta con respecto a nuestros cursos de alem\u00e1n.","og_url":"https:\/\/www.sprachschule-aktiv-leipzig.de\/es\/contactar-escuela-idiomas-leipzig\/","article_modified_time":"2022-06-13T03:53:03+00:00","twitter_card":"summary_large_image","twitter_misc":{"Tiempo de lectura":"1 minuto"},"schema":{"@context":"https:\/\/schema.org","@graph":[{"@type":"WebPage","@id":"https:\/\/www.sprachschule-aktiv-leipzig.de\/es\/contactar-escuela-idiomas-leipzig\/","url":"https:\/\/www.sprachschule-aktiv-leipzig.de\/es\/contactar-escuela-idiomas-leipzig\/","name":"Contacta con nuestra escuela de alem\u00e1n en Leipzig","isPartOf":{"@id":"https:\/\/www.sprachschule-aktiv-leipzig.de\/#website"},"datePublished":"2021-06-20T18:59:10+00:00","dateModified":"2022-06-13T03:53:03+00:00","description":"Aqu\u00ed puedes acceder al formularion de contacto y hacernos tu pregunta con respecto a nuestros cursos de alem\u00e1n.","breadcrumb":{"@id":"https:\/\/www.sprachschule-aktiv-leipzig.de\/es\/contactar-escuela-idiomas-leipzig\/#breadcrumb"},"inLanguage":"es","potentialAction":[{"@type":"ReadAction","target":["https:\/\/www.sprachschule-aktiv-leipzig.de\/es\/contactar-escuela-idiomas-leipzig\/"]}]},{"@type":"BreadcrumbList","@id":"https:\/\/www.sprachschule-aktiv-leipzig.de\/es\/contactar-escuela-idiomas-leipzig\/#breadcrumb","itemListElement":[{"@type":"ListItem","position":1,"name":"Startseite","item":"https:\/\/www.sprachschule-aktiv-leipzig.de\/es\/"},{"@type":"ListItem","position":2,"name":"Contacta con nuestra escuela de idiomas en Leipzig"}]},{"@type":"WebSite","@id":"https:\/\/www.sprachschule-aktiv-leipzig.de\/#website","url":"https:\/\/www.sprachschule-aktiv-leipzig.de\/","name":"","description":"","potentialAction":[{"@type":"SearchAction","target":{"@type":"EntryPoint","urlTemplate":"https:\/\/www.sprachschule-aktiv-leipzig.de\/?s={search_term_string}"},"query-input":{"@type":"PropertyValueSpecification","valueRequired":true,"valueName":"search_term_string"}}],"inLanguage":"es"}]}},"_links":{"self":[{"href":"https:\/\/www.sprachschule-aktiv-leipzig.de\/es\/wp-json\/wp\/v2\/pages\/834","targetHints":{"allow":["GET"]}}],"collection":[{"href":"https:\/\/www.sprachschule-aktiv-leipzig.de\/es\/wp-json\/wp\/v2\/pages"}],"about":[{"href":"https:\/\/www.sprachschule-aktiv-leipzig.de\/es\/wp-json\/wp\/v2\/types\/page"}],"author":[{"embeddable":true,"href":"https:\/\/www.sprachschule-aktiv-leipzig.de\/es\/wp-json\/wp\/v2\/users\/1"}],"replies":[{"embeddable":true,"href":"https:\/\/www.sprachschule-aktiv-leipzig.de\/es\/wp-json\/wp\/v2\/comments?post=834"}],"version-history":[{"count":2,"href":"https:\/\/www.sprachschule-aktiv-leipzig.de\/es\/wp-json\/wp\/v2\/pages\/834\/revisions"}],"predecessor-version":[{"id":837,"href":"https:\/\/www.sprachschule-aktiv-leipzig.de\/es\/wp-json\/wp\/v2\/pages\/834\/revisions\/837"}],"wp:attachment":[{"href":"https:\/\/www.sprachschule-aktiv-leipzig.de\/es\/wp-json\/wp\/v2\/media?parent=834"}],"curies":[{"name":"wp","href":"https:\/\/api.w.org\/{rel}","templated":true}]}}